{"id":14,"date":"2024-07-18T23:38:48","date_gmt":"2024-07-18T21:38:48","guid":{"rendered":"https:\/\/leensquad.fr\/?page_id=14"},"modified":"2024-09-11T10:39:32","modified_gmt":"2024-09-11T08:39:32","slug":"professeurs","status":"publish","type":"page","link":"https:\/\/leensquad.fr\/index.php\/professeurs\/","title":{"rendered":"Professeurs"},"content":{"rendered":"\t\t<div data-elementor-type=\"wp-page\" data-elementor-id=\"14\" class=\"elementor elementor-14\">\n\t\t\t\t<div class=\"elementor-element elementor-element-8e3e71c e-flex e-con-boxed e-con e-parent\" data-id=\"8e3e71c\" data-element_type=\"container\" data-e-type=\"container\" data-settings=\"{&quot;background_background&quot;:&quot;classic&quot;}\">\n\t\t\t\t\t<div class=\"e-con-inner\">\n\t\t\t\t<div class=\"elementor-element elementor-element-5c3f149 elementor-widget elementor-widget-spacer\" data-id=\"5c3f149\" data-element_type=\"widget\" data-e-type=\"widget\" data-widget_type=\"spacer.default\">\n\t\t\t\t<div class=\"elementor-widget-container\">\n\t\t\t\t\t\t\t<div class=\"elementor-spacer\">\n\t\t\t<div class=\"elementor-spacer-inner\"><\/div>\n\t\t<\/div>\n\t\t\t\t\t\t<\/div>\n\t\t\t\t<\/div>\n\t\t\t\t\t<\/div>\n\t\t\t\t<\/div>\n\t\t<div class=\"elementor-element elementor-element-5ae7384 e-flex e-con-boxed e-con e-parent\" data-id=\"5ae7384\" data-element_type=\"container\" data-e-type=\"container\" data-settings=\"{&quot;background_background&quot;:&quot;classic&quot;}\">\n\t\t\t\t\t<div class=\"e-con-inner\">\n\t\t<div class=\"elementor-element elementor-element-f76b72d e-con-full e-flex e-con e-child\" data-id=\"f76b72d\" data-element_type=\"container\" data-e-type=\"container\">\n\t\t\t\t<div class=\"elementor-element elementor-element-aa54f1b elementor-invisible elementor-widget elementor-widget-image\" data-id=\"aa54f1b\" data-element_type=\"widget\" data-e-type=\"widget\" data-settings=\"{&quot;_animation&quot;:&quot;fadeInLeft&quot;}\" data-widget_type=\"image.default\">\n\t\t\t\t<div class=\"elementor-widget-container\">\n\t\t\t\t\t\t\t\t\t\t\t\t\t\t\t<img fetchpriority=\"high\" decoding=\"async\" width=\"500\" height=\"500\" src=\"https:\/\/leensquad.fr\/wp-content\/uploads\/2024\/09\/Pole-dance-Vanessa-.webp\" class=\"attachment-large size-large wp-image-433\" alt=\"\u00c9cole de danse Istres, Istres, Bouches-du-Rh\u00f4ne, \u00e9cole, studio, studio de danse, danse artistique, pole dance, modern flow, pilates, pole, professeur.\" srcset=\"https:\/\/leensquad.fr\/wp-content\/uploads\/2024\/09\/Pole-dance-Vanessa-.webp 500w, https:\/\/leensquad.fr\/wp-content\/uploads\/2024\/09\/Pole-dance-Vanessa--300x300.webp 300w, https:\/\/leensquad.fr\/wp-content\/uploads\/2024\/09\/Pole-dance-Vanessa--150x150.webp 150w\" sizes=\"(max-width: 500px) 100vw, 500px\" \/>\t\t\t\t\t\t\t\t\t\t\t\t\t\t\t<\/div>\n\t\t\t\t<\/div>\n\t\t\t\t<\/div>\n\t\t<div class=\"elementor-element elementor-element-448ae3d e-con-full e-flex e-con e-child\" data-id=\"448ae3d\" data-element_type=\"container\" data-e-type=\"container\">\n\t\t\t\t<div class=\"elementor-element elementor-element-0cf1fc6 elementor-widget elementor-widget-heading\" data-id=\"0cf1fc6\" data-element_type=\"widget\" data-e-type=\"widget\" data-widget_type=\"heading.default\">\n\t\t\t\t<div class=\"elementor-widget-container\">\n\t\t\t\t\t<h2 class=\"elementor-heading-title elementor-size-default\">Vanessa <\/h2>\t\t\t\t<\/div>\n\t\t\t\t<\/div>\n\t\t\t\t<div class=\"elementor-element elementor-element-13c8701 elementor-widget elementor-widget-text-editor\" data-id=\"13c8701\" data-element_type=\"widget\" data-e-type=\"widget\" data-widget_type=\"text-editor.default\">\n\t\t\t\t<div class=\"elementor-widget-container\">\n\t\t\t\t\t\t\t\t\t<p>Je d\u00e9couvre la gymnastique artistique \u00e0 l&rsquo;\u00e2ge de 7 ans \u00e0 Istres et la pratique pendant 15 ans en comp\u00e9tition. D\u00e8s 16 ans, je me forme \u00e0 l&rsquo;enseignement avec diverses certifications f\u00e9d\u00e9rales en gymnastique, remise en forme et petite enfance. J&rsquo;obtiens 9 dipl\u00f4mes en 4 ans et commence \u00e0 entra\u00eener de jeunes athl\u00e8tes d\u00e8s mes 19 ans. Ma passion pour l&rsquo;enseignement me m\u00e8ne \u00e0 des structures de haut niveau.<\/p><p>Dipl\u00f4m\u00e9e en \u00ab\u00a0M\u00e9tiers de la Forme\u00a0\u00bb avec un Brevet d&rsquo;\u00c9tat, je deviens coach sportif en 2008, sp\u00e9cialis\u00e9e dans les concepts LESMILLS (Body Pump, Combat, Attack, etc.), ainsi qu&rsquo;en Pilates, TRX et Kinesis. Apr\u00e8s avoir enseign\u00e9 dans les plus grands centres au Maroc, je d\u00e9couvre la Pole Dance en 2011, une v\u00e9ritable r\u00e9v\u00e9lation. Gr\u00e2ce \u00e0 mon pass\u00e9 de gymnaste, je progresse rapidement et me distingue en comp\u00e9tition, remportant la 3e place \u00e0 Pole Art Chypre en 2013, puis le titre de championne d&rsquo;Europe en 2014 \u00e0 Londres.<\/p>\t\t\t\t\t\t\t\t<\/div>\n\t\t\t\t<\/div>\n\t\t\t\t<\/div>\n\t\t\t\t\t<\/div>\n\t\t\t\t<\/div>\n\t\t<div class=\"elementor-element elementor-element-d074bef e-flex e-con-boxed e-con e-parent\" data-id=\"d074bef\" data-element_type=\"container\" data-e-type=\"container\" data-settings=\"{&quot;background_background&quot;:&quot;classic&quot;}\">\n\t\t\t\t\t<div class=\"e-con-inner\">\n\t\t\t\t<div class=\"elementor-element elementor-element-af3dd69 elementor-widget elementor-widget-text-editor\" data-id=\"af3dd69\" data-element_type=\"widget\" data-e-type=\"widget\" data-widget_type=\"text-editor.default\">\n\t\t\t\t<div class=\"elementor-widget-container\">\n\t\t\t\t\t\t\t\t\t<p>\u00a0<\/p><ul><li>2018 : Top 5 OG Pole Fitness \u00e0 M. Olympia Las Vegas<\/li><li>2017 : Gagnante OKSANA GRISHINA Polefitness Classic, Palm Springs, Los Angeles<\/li><li>2016 : Pole Expo Las Vegas, Comp\u00e9tition Fran\u00e7aise<\/li><li>2014 : Championne d\u2019Europe \u00e0 Londres (PSO)<\/li><\/ul><p>Parall\u00e8lement \u00e0 la pole dance, je me lance dans le circuit IFBB en cat\u00e9gorie \u00ab\u00a0Fitness\u00a0\u00bb. Je d\u00e9croche la 1\u00e8re place au championnat de France en 2015 et participe au championnat du Monde \u00e0 Biarritz. J\u2019ai \u00e9galement concouru sur les plus grandes sc\u00e8nes du bodybuilding, notamment les Arnold Classic en Europe et aux USA.<\/p><ul><li>2018 : Top 2 Arnold Sport Festival, Columbus<\/li><li>2018 : Gagnante du London Pro Show<\/li><li>2015 : Top 6 Arnold Sport Festival USA<\/li><\/ul><p>Apr\u00e8s avoir atteint mon objectif ultime avec la carte Pro IFBB, je poursuis ma formation durant la p\u00e9riode COVID, devenant experte en science de l\u2019entra\u00eenement et de la nutrition (formation Bayesian). J\u2019ai \u00e9galement perfectionn\u00e9 mes comp\u00e9tences en Pilates Flow, Mobility Flow et commenc\u00e9 une formation en Yoga.<\/p><p>Aujourd&rsquo;hui, je mets mon exp\u00e9rience et ma passion au service de mes \u00e9l\u00e8ves, qu&rsquo;il s&rsquo;agisse de remise en forme ou de pr\u00e9paration \u00e0 des comp\u00e9titions. Ma carri\u00e8re d\u2019athl\u00e8te m\u2019a inculqu\u00e9 des valeurs fondamentales : passion, partage, authenticit\u00e9 et travail acharn\u00e9. J&rsquo;accompagne mes \u00e9l\u00e8ves \u00e0 atteindre leurs objectifs tout en leur transmettant ces valeurs.<\/p>\t\t\t\t\t\t\t\t<\/div>\n\t\t\t\t<\/div>\n\t\t\t\t\t<\/div>\n\t\t\t\t<\/div>\n\t\t<div class=\"elementor-element elementor-element-28c8ca1 e-flex e-con-boxed e-con e-parent\" data-id=\"28c8ca1\" data-element_type=\"container\" data-e-type=\"container\" data-settings=\"{&quot;background_background&quot;:&quot;classic&quot;}\">\n\t\t\t\t\t<div class=\"e-con-inner\">\n\t\t\t\t<div class=\"elementor-element elementor-element-974d779 elementor-widget elementor-widget-spacer\" data-id=\"974d779\" data-element_type=\"widget\" data-e-type=\"widget\" data-widget_type=\"spacer.default\">\n\t\t\t\t<div class=\"elementor-widget-container\">\n\t\t\t\t\t\t\t<div class=\"elementor-spacer\">\n\t\t\t<div class=\"elementor-spacer-inner\"><\/div>\n\t\t<\/div>\n\t\t\t\t\t\t<\/div>\n\t\t\t\t<\/div>\n\t\t\t\t\t<\/div>\n\t\t\t\t<\/div>\n\t\t<div class=\"elementor-element elementor-element-dab4b0e e-flex e-con-boxed e-con e-parent\" data-id=\"dab4b0e\" data-element_type=\"container\" data-e-type=\"container\" data-settings=\"{&quot;background_background&quot;:&quot;classic&quot;}\">\n\t\t\t\t\t<div class=\"e-con-inner\">\n\t\t<div class=\"elementor-element elementor-element-787f163 e-con-full e-flex e-con e-child\" data-id=\"787f163\" data-element_type=\"container\" data-e-type=\"container\">\n\t\t\t\t<div class=\"elementor-element elementor-element-7edc5b3 elementor-widget elementor-widget-heading\" data-id=\"7edc5b3\" data-element_type=\"widget\" data-e-type=\"widget\" data-widget_type=\"heading.default\">\n\t\t\t\t<div class=\"elementor-widget-container\">\n\t\t\t\t\t<h2 class=\"elementor-heading-title elementor-size-default\">Alexandra <\/h2>\t\t\t\t<\/div>\n\t\t\t\t<\/div>\n\t\t\t\t<div class=\"elementor-element elementor-element-6d94b80 elementor-widget elementor-widget-text-editor\" data-id=\"6d94b80\" data-element_type=\"widget\" data-e-type=\"widget\" data-widget_type=\"text-editor.default\">\n\t\t\t\t<div class=\"elementor-widget-container\">\n\t\t\t\t\t\t\t\t\t<p>Alexandra commence la danse tr\u00e8s jeune. \u00c0 l\u2019\u00e2ge de 4 ans, elle d\u00e9bute des cours de danse classique \u00e0 l\u2019\u00e9cole priv\u00e9e de danse classique Marie-Claude Cesco. Malgr\u00e9 la difficult\u00e9 et la rigueur que cette discipline n\u00e9cessite, elle d\u00e9veloppe son amour pour la danse et d\u00e9couvre le go\u00fbt de l\u2019effort associ\u00e9 \u00e0 la gr\u00e2ce de la danse classique. Consciente de ses aptitudes, son professeur lui conseille de continuer \u00e0 d\u00e9velopper sa technique et d\u2019int\u00e9grer le conservatoire, o\u00f9 elle d\u00e9cide de se former aux diff\u00e9rentes danses acad\u00e9miques, telles que la danse contemporaine et le modern jazz.<\/p><p>Plus tard, elle poursuit son parcours de danseuse et commence \u00e0 explorer d\u2019autres styles plus urbains et commerciaux, tels que le street jazz et le dancehall, ce qui lui permet d\u2019enrichir sa danse et d\u2019\u00e9largir ses horizons techniques.<\/p><p>Apr\u00e8s avoir suivi des \u00e9tudes de biologie, elle int\u00e8gre en parall\u00e8le diff\u00e9rentes compagnies amateurs. Un jour, lors d\u2019une repr\u00e9sentation, elle est rep\u00e9r\u00e9e sur sc\u00e8ne par un professionnel qui d\u00e9cide de lui offrir un contrat d\u2019artiste professionnel. C\u2019est \u00e0 partir de cet instant que sa carri\u00e8re d\u00e9bute. Elle encha\u00eene les auditions \u00e0 travers la France et, forte de sa d\u00e9termination et de son ambition, elle obtient un poste de danseuse au sein de diff\u00e9rents cabarets de province et compagnies itin\u00e9rantes. Les repr\u00e9sentations s&rsquo;encha\u00eenent et elle a la chance de se produire sur des plateaux de t\u00e9l\u00e9vision.<\/p>\t\t\t\t\t\t\t\t<\/div>\n\t\t\t\t<\/div>\n\t\t\t\t<\/div>\n\t\t<div class=\"elementor-element elementor-element-fe7dc8b e-con-full e-flex e-con e-child\" data-id=\"fe7dc8b\" data-element_type=\"container\" data-e-type=\"container\">\n\t\t\t\t<div class=\"elementor-element elementor-element-32d9fc4 elementor-invisible elementor-widget elementor-widget-image\" data-id=\"32d9fc4\" data-element_type=\"widget\" data-e-type=\"widget\" data-settings=\"{&quot;_animation&quot;:&quot;fadeInRight&quot;}\" data-widget_type=\"image.default\">\n\t\t\t\t<div class=\"elementor-widget-container\">\n\t\t\t\t\t\t\t\t\t\t\t\t\t\t\t<img decoding=\"async\" width=\"408\" height=\"612\" src=\"https:\/\/leensquad.fr\/wp-content\/uploads\/2024\/09\/Presentation-alex.webp\" class=\"attachment-large size-large wp-image-425\" alt=\"\u00c9cole de danse, studio de danse, pole dance, flow, heels, souplesse.\" srcset=\"https:\/\/leensquad.fr\/wp-content\/uploads\/2024\/09\/Presentation-alex.webp 408w, https:\/\/leensquad.fr\/wp-content\/uploads\/2024\/09\/Presentation-alex-200x300.webp 200w\" sizes=\"(max-width: 408px) 100vw, 408px\" \/>\t\t\t\t\t\t\t\t\t\t\t\t\t\t\t<\/div>\n\t\t\t\t<\/div>\n\t\t\t\t<\/div>\n\t\t\t\t\t<\/div>\n\t\t\t\t<\/div>\n\t\t<div class=\"elementor-element elementor-element-ca2c9bc e-flex e-con-boxed e-con e-parent\" data-id=\"ca2c9bc\" data-element_type=\"container\" data-e-type=\"container\" data-settings=\"{&quot;background_background&quot;:&quot;classic&quot;}\">\n\t\t\t\t\t<div class=\"e-con-inner\">\n\t\t\t\t<div class=\"elementor-element elementor-element-3e656eb elementor-widget elementor-widget-text-editor\" data-id=\"3e656eb\" data-element_type=\"widget\" data-e-type=\"widget\" data-widget_type=\"text-editor.default\">\n\t\t\t\t<div class=\"elementor-widget-container\">\n\t\t\t\t\t\t\t\t\t<p>L\u2019envie de parfaire sa technique l\u2019emm\u00e8ne \u00e0 la d\u00e9couverte de nombreux chor\u00e9graphes internationaux. Elle participe alors \u00e0 de nombreux stages dans les disciplines acad\u00e9miques et commerciales, notamment la technique \u00ab heels \u00bb, o\u00f9 les bases acad\u00e9miques, bien que n\u00e9cessaires, sont sublim\u00e9es \u00e0 l\u2019aide de chaussures \u00e0 talons aiguilles, soulignant les courbes et la sensualit\u00e9 f\u00e9minine.<\/p><p>Elle devient alors fascin\u00e9e par la danse heels et d\u00e9cide de se former et d\u2019apprendre cette technique avec les meilleurs chor\u00e9graphes internationaux dans ce domaine. Elle encha\u00eene les stages professionnels intensifs afin de proposer des cours riches et sp\u00e9cialis\u00e9s.<\/p><p>En parall\u00e8le, elle obtient ses EAT de contemporain et de modern jazz, ce qui lui permet d\u2019enseigner et de proposer diff\u00e9rents types de cours de danse. P\u00e9dagogue et de bonne humeur, elle vous proposera des cours vari\u00e9s sur des morceaux musicaux choisis, dans la bienveillance et le partage.<\/p>\t\t\t\t\t\t\t\t<\/div>\n\t\t\t\t<\/div>\n\t\t\t\t\t<\/div>\n\t\t\t\t<\/div>\n\t\t<div class=\"elementor-element elementor-element-950fbe6 e-flex e-con-boxed e-con e-parent\" data-id=\"950fbe6\" data-element_type=\"container\" data-e-type=\"container\" data-settings=\"{&quot;background_background&quot;:&quot;classic&quot;}\">\n\t\t\t\t\t<div class=\"e-con-inner\">\n\t\t\t\t<div class=\"elementor-element elementor-element-3a00aee elementor-widget elementor-widget-spacer\" data-id=\"3a00aee\" data-element_type=\"widget\" data-e-type=\"widget\" data-widget_type=\"spacer.default\">\n\t\t\t\t<div class=\"elementor-widget-container\">\n\t\t\t\t\t\t\t<div class=\"elementor-spacer\">\n\t\t\t<div class=\"elementor-spacer-inner\"><\/div>\n\t\t<\/div>\n\t\t\t\t\t\t<\/div>\n\t\t\t\t<\/div>\n\t\t\t\t\t<\/div>\n\t\t\t\t<\/div>\n\t\t<div class=\"elementor-element elementor-element-af07bb0 e-flex e-con-boxed e-con e-parent\" data-id=\"af07bb0\" data-element_type=\"container\" data-e-type=\"container\" data-settings=\"{&quot;background_background&quot;:&quot;classic&quot;}\">\n\t\t\t\t\t<div class=\"e-con-inner\">\n\t\t<div class=\"elementor-element elementor-element-7e4475d e-con-full e-flex e-con e-child\" data-id=\"7e4475d\" data-element_type=\"container\" data-e-type=\"container\">\n\t\t\t\t<div class=\"elementor-element elementor-element-6bcadc8 elementor-invisible elementor-widget elementor-widget-image\" data-id=\"6bcadc8\" data-element_type=\"widget\" data-e-type=\"widget\" data-settings=\"{&quot;_animation&quot;:&quot;fadeInLeft&quot;}\" data-widget_type=\"image.default\">\n\t\t\t\t<div class=\"elementor-widget-container\">\n\t\t\t\t\t\t\t\t\t\t\t\t\t\t\t<img decoding=\"async\" width=\"408\" height=\"612\" src=\"https:\/\/leensquad.fr\/wp-content\/uploads\/2024\/09\/Pole-dance-audrey-.webp\" class=\"attachment-large size-large wp-image-427\" alt=\"Show, prestations, cours collectifs et particuliers, tous niveaux, danse artistique \u00e0 Istres.\" srcset=\"https:\/\/leensquad.fr\/wp-content\/uploads\/2024\/09\/Pole-dance-audrey-.webp 408w, https:\/\/leensquad.fr\/wp-content\/uploads\/2024\/09\/Pole-dance-audrey--200x300.webp 200w\" sizes=\"(max-width: 408px) 100vw, 408px\" \/>\t\t\t\t\t\t\t\t\t\t\t\t\t\t\t<\/div>\n\t\t\t\t<\/div>\n\t\t\t\t<\/div>\n\t\t<div class=\"elementor-element elementor-element-a9b858f e-con-full e-flex e-con e-child\" data-id=\"a9b858f\" data-element_type=\"container\" data-e-type=\"container\">\n\t\t\t\t<div class=\"elementor-element elementor-element-80bab14 elementor-widget elementor-widget-heading\" data-id=\"80bab14\" data-element_type=\"widget\" data-e-type=\"widget\" data-widget_type=\"heading.default\">\n\t\t\t\t<div class=\"elementor-widget-container\">\n\t\t\t\t\t<h2 class=\"elementor-heading-title elementor-size-default\">Audrey<\/h2>\t\t\t\t<\/div>\n\t\t\t\t<\/div>\n\t\t\t\t<div class=\"elementor-element elementor-element-1ed76b1 elementor-widget elementor-widget-text-editor\" data-id=\"1ed76b1\" data-element_type=\"widget\" data-e-type=\"widget\" data-widget_type=\"text-editor.default\">\n\t\t\t\t<div class=\"elementor-widget-container\">\n\t\t\t\t\t\t\t\t\t<p>C&rsquo;est en 2017 que je d\u00e9couvre la pole dance, \u00e0 un moment charni\u00e8re de ma vie. Apr\u00e8s avoir travers\u00e9 une p\u00e9riode de d\u00e9pression et connu une prise de poids importante, j&rsquo;avais un besoin urgent de retrouver confiance en moi. La pole dance s&rsquo;est r\u00e9v\u00e9l\u00e9e \u00eatre un v\u00e9ritable tournant. Cette discipline, \u00e0 la fois physique et artistique, m\u2019a permis de me reconnecter \u00e0 mon corps et \u00e0 mon esprit, et de retrouver un \u00e9quilibre que je pensais avoir perdu.<\/p><p>Pendant deux ans, je suis des cours assid\u00fbment dans un studio, ce qui me permet de progresser rapidement tout en me passionnant davantage pour cet univers. Ensuite, je d\u00e9cide de poursuivre mon apprentissage en autodidacte, en m\u2019entra\u00eenant chez moi. En parall\u00e8le, je poursuis mes \u00e9tudes en sciences de l\u2019environnement, un domaine qui me tient \u00e9galement \u00e0 c\u0153ur. Cette double voie, entre la pole dance et l&rsquo;environnement, m\u2019a permis de grandir aussi bien sur le plan personnel que professionnel.<\/p><p>En 2020, ma passion pour la pole dance prend une nouvelle dimension. Une professeure certifi\u00e9e me propose de la remplacer dans son studio \u00e0 Draguignan. Enthousiasm\u00e9e par cette opportunit\u00e9, j&rsquo;accepte sans h\u00e9siter. C\u2019est \u00e0 ce moment que je d\u00e9cide de me professionnaliser en passant mon CQP ALS (Certificat de Qualification Professionnelle &#8211; Animateur de Loisirs Sportifs) option AGEE (Activit\u00e9s Gymniques d\u2019Entretien et d\u2019Expression). Gr\u00e2ce \u00e0 cette certification, je peux enfin enseigner la pole dance de mani\u00e8re officielle et partager cette passion avec d&rsquo;autres<\/p>\t\t\t\t\t\t\t\t<\/div>\n\t\t\t\t<\/div>\n\t\t\t\t<\/div>\n\t\t\t\t\t<\/div>\n\t\t\t\t<\/div>\n\t\t<div class=\"elementor-element elementor-element-4fc1d87 e-flex e-con-boxed e-con e-parent\" data-id=\"4fc1d87\" data-element_type=\"container\" data-e-type=\"container\" data-settings=\"{&quot;background_background&quot;:&quot;classic&quot;}\">\n\t\t\t\t\t<div class=\"e-con-inner\">\n\t\t\t\t<div class=\"elementor-element elementor-element-e466020 elementor-widget elementor-widget-text-editor\" data-id=\"e466020\" data-element_type=\"widget\" data-e-type=\"widget\" data-widget_type=\"text-editor.default\">\n\t\t\t\t<div class=\"elementor-widget-container\">\n\t\t\t\t\t\t\t\t\t<p>En 2022, une nouvelle opportunit\u00e9 se pr\u00e9sente. Je commence \u00e0 donner des cours de pole dance \u00e0 Fr\u00e9jus et Tourves, deux nouvelles villes o\u00f9 je peux transmettre ma passion et continuer \u00e0 inspirer mes \u00e9l\u00e8ves \u00e0 travers cette discipline artistique. Parall\u00e8lement \u00e0 cette aventure, j&rsquo;obtiens mon doctorat en sciences de l\u2019environnement, un accomplissement qui marque la fin de mon parcours acad\u00e9mique mais \u00e9galement le d\u00e9but d&rsquo;une carri\u00e8re dans un domaine que j&rsquo;aime profond\u00e9ment.<\/p><p>En raison de mon nouveau travail dans le domaine de l&rsquo;environnement, je suis contrainte de d\u00e9m\u00e9nager \u00e0 Arles. Ce changement marque une nouvelle \u00e9tape dans ma vie. C\u2019est ici, dans cette charmante ville, que je fais la rencontre de Vanessa, fondatrice de Leensquad Studio. Imm\u00e9diatement, une connexion se cr\u00e9e autour de notre passion commune pour la pole dance et le bien-\u00eatre. Ensemble, nous envisageons de cr\u00e9er un environnement d\u00e9di\u00e9 \u00e0 l\u2019apprentissage, au d\u00e9passement de soi, et \u00e0 l\u2019expression artistique \u00e0 travers la pole dance. Cette collaboration promet de belles aventures, et je suis plus d\u00e9termin\u00e9e que jamais \u00e0 partager mon exp\u00e9rience, tant dans la pole dance que dans le domaine de l&rsquo;environnement, avec mes futurs \u00e9l\u00e8ves et partenaires.<\/p>\t\t\t\t\t\t\t\t<\/div>\n\t\t\t\t<\/div>\n\t\t\t\t\t<\/div>\n\t\t\t\t<\/div>\n\t\t<div class=\"elementor-element elementor-element-a5162b5 e-flex e-con-boxed e-con e-parent\" data-id=\"a5162b5\" data-element_type=\"container\" data-e-type=\"container\" data-settings=\"{&quot;background_background&quot;:&quot;classic&quot;}\">\n\t\t\t\t\t<div class=\"e-con-inner\">\n\t\t\t\t<div class=\"elementor-element elementor-element-a98e698 elementor-widget elementor-widget-spacer\" data-id=\"a98e698\" data-element_type=\"widget\" data-e-type=\"widget\" data-widget_type=\"spacer.default\">\n\t\t\t\t<div class=\"elementor-widget-container\">\n\t\t\t\t\t\t\t<div class=\"elementor-spacer\">\n\t\t\t<div class=\"elementor-spacer-inner\"><\/div>\n\t\t<\/div>\n\t\t\t\t\t\t<\/div>\n\t\t\t\t<\/div>\n\t\t\t\t\t<\/div>\n\t\t\t\t<\/div>\n\t\t\t\t<\/div>\n\t\t","protected":false},"excerpt":{"rendered":"<p>Vanessa Je d\u00e9couvre la gymnastique artistique \u00e0 l&rsquo;\u00e2ge de 7 ans \u00e0 Istres et la pratique pendant 15 ans en [&hellip;]<\/p>\n","protected":false},"author":1,"featured_media":0,"parent":0,"menu_order":0,"comment_status":"closed","ping_status":"closed","template":"","meta":{"site-sidebar-layout":"no-sidebar","site-content-layout":"","ast-site-content-layout":"full-width-container","site-content-style":"default","site-sidebar-style":"default","ast-global-header-display":"","ast-banner-title-visibility":"","ast-main-header-display":"","ast-hfb-above-header-display":"","ast-hfb-below-header-display":"","ast-hfb-mobile-header-display":"","site-post-title":"disabled","ast-breadcrumbs-content":"","ast-featured-img":"disabled","footer-sml-layout":"","ast-disable-related-posts":"","theme-transparent-header-meta":"","adv-header-id-meta":"","stick-header-meta":"","header-above-stick-meta":"","header-main-stick-meta":"","header-below-stick-meta":"","astra-migrate-meta-layouts":"default","ast-page-background-enabled":"default","ast-page-background-meta":{"desktop":{"background-color":"var(--ast-global-color-4)","background-image":"","background-repeat":"repeat","background-position":"center center","background-size":"auto","background-attachment":"scroll","background-type":"","background-media":"","overlay-type":"","overlay-color":"","overlay-opacity":"","overlay-gradient":""},"tablet":{"background-color":"","background-image":"","background-repeat":"repeat","background-position":"center center","background-size":"auto","background-attachment":"scroll","background-type":"","background-media":"","overlay-type":"","overlay-color":"","overlay-opacity":"","overlay-gradient":""},"mobile":{"background-color":"","background-image":"","background-repeat":"repeat","background-position":"center center","background-size":"auto","background-attachment":"scroll","background-type":"","background-media":"","overlay-type":"","overlay-color":"","overlay-opacity":"","overlay-gradient":""}},"ast-content-background-meta":{"desktop":{"background-color":"var(--ast-global-color-5)","background-image":"","background-repeat":"repeat","background-position":"center center","background-size":"auto","background-attachment":"scroll","background-type":"","background-media":"","overlay-type":"","overlay-color":"","overlay-opacity":"","overlay-gradient":""},"tablet":{"background-color":"var(--ast-global-color-5)","background-image":"","background-repeat":"repeat","background-position":"center center","background-size":"auto","background-attachment":"scroll","background-type":"","background-media":"","overlay-type":"","overlay-color":"","overlay-opacity":"","overlay-gradient":""},"mobile":{"background-color":"var(--ast-global-color-5)","background-image":"","background-repeat":"repeat","background-position":"center center","background-size":"auto","background-attachment":"scroll","background-type":"","background-media":"","overlay-type":"","overlay-color":"","overlay-opacity":"","overlay-gradient":""}},"footnotes":""},"class_list":["post-14","page","type-page","status-publish","hentry"],"yoast_head":"<!-- This site is optimized with the Yoast SEO plugin v27.4 - https:\/\/yoast.com\/product\/yoast-seo-wordpress\/ -->\n<title>Leensquad Studio - Studio Pole Dance<\/title>\n<meta name=\"description\" content=\"D\u00e9couvrez nos professeurs pr\u00e9sents dans notre studio de danse \u00e0 Istres, dans les Bouches-du-Rh\u00f4ne, et profitez de leur excellence.\" \/>\n<meta name=\"robots\" content=\"index, follow, max-snippet:-1, max-image-preview:large, max-video-preview:-1\" \/>\n<link rel=\"canonical\" href=\"https:\/\/leensquad.fr\/index.php\/professeurs\/\" \/>\n<meta property=\"og:locale\" content=\"fr_FR\" \/>\n<meta property=\"og:type\" content=\"article\" \/>\n<meta property=\"og:title\" content=\"Leensquad Studio - Studio Pole Dance\" \/>\n<meta property=\"og:description\" content=\"D\u00e9couvrez nos professeurs pr\u00e9sents dans notre studio de danse \u00e0 Istres, dans les Bouches-du-Rh\u00f4ne, et profitez de leur excellence.\" \/>\n<meta property=\"og:url\" content=\"https:\/\/leensquad.fr\/index.php\/professeurs\/\" \/>\n<meta property=\"og:site_name\" content=\"Leensquad.fr\" \/>\n<meta property=\"article:publisher\" content=\"https:\/\/www.facebook.com\/profile.php?id=100046182776447\" \/>\n<meta property=\"article:modified_time\" content=\"2024-09-11T08:39:32+00:00\" \/>\n<meta property=\"og:image\" content=\"http:\/\/leensquad.fr\/wp-content\/uploads\/2024\/09\/Pole-dance-Vanessa-.webp\" \/>\n<meta name=\"twitter:card\" content=\"summary_large_image\" \/>\n<meta name=\"twitter:label1\" content=\"Dur\u00e9e de lecture estim\u00e9e\" \/>\n\t<meta name=\"twitter:data1\" content=\"7 minutes\" \/>\n<script type=\"application\/ld+json\" class=\"yoast-schema-graph\">{\"@context\":\"https:\\\/\\\/schema.org\",\"@graph\":[{\"@type\":\"WebPage\",\"@id\":\"https:\\\/\\\/leensquad.fr\\\/index.php\\\/professeurs\\\/\",\"url\":\"https:\\\/\\\/leensquad.fr\\\/index.php\\\/professeurs\\\/\",\"name\":\"Leensquad Studio - Studio Pole Dance\",\"isPartOf\":{\"@id\":\"https:\\\/\\\/leensquad.fr\\\/#website\"},\"primaryImageOfPage\":{\"@id\":\"https:\\\/\\\/leensquad.fr\\\/index.php\\\/professeurs\\\/#primaryimage\"},\"image\":{\"@id\":\"https:\\\/\\\/leensquad.fr\\\/index.php\\\/professeurs\\\/#primaryimage\"},\"thumbnailUrl\":\"http:\\\/\\\/leensquad.fr\\\/wp-content\\\/uploads\\\/2024\\\/09\\\/Pole-dance-Vanessa-.webp\",\"datePublished\":\"2024-07-18T21:38:48+00:00\",\"dateModified\":\"2024-09-11T08:39:32+00:00\",\"description\":\"D\u00e9couvrez nos professeurs pr\u00e9sents dans notre studio de danse \u00e0 Istres, dans les Bouches-du-Rh\u00f4ne, et profitez de leur excellence.\",\"breadcrumb\":{\"@id\":\"https:\\\/\\\/leensquad.fr\\\/index.php\\\/professeurs\\\/#breadcrumb\"},\"inLanguage\":\"fr-FR\",\"potentialAction\":[{\"@type\":\"ReadAction\",\"target\":[\"https:\\\/\\\/leensquad.fr\\\/index.php\\\/professeurs\\\/\"]}]},{\"@type\":\"ImageObject\",\"inLanguage\":\"fr-FR\",\"@id\":\"https:\\\/\\\/leensquad.fr\\\/index.php\\\/professeurs\\\/#primaryimage\",\"url\":\"http:\\\/\\\/leensquad.fr\\\/wp-content\\\/uploads\\\/2024\\\/09\\\/Pole-dance-Vanessa-.webp\",\"contentUrl\":\"http:\\\/\\\/leensquad.fr\\\/wp-content\\\/uploads\\\/2024\\\/09\\\/Pole-dance-Vanessa-.webp\"},{\"@type\":\"BreadcrumbList\",\"@id\":\"https:\\\/\\\/leensquad.fr\\\/index.php\\\/professeurs\\\/#breadcrumb\",\"itemListElement\":[{\"@type\":\"ListItem\",\"position\":1,\"name\":\"Accueil\",\"item\":\"https:\\\/\\\/leensquad.fr\\\/\"},{\"@type\":\"ListItem\",\"position\":2,\"name\":\"Professeurs\"}]},{\"@type\":\"WebSite\",\"@id\":\"https:\\\/\\\/leensquad.fr\\\/#website\",\"url\":\"https:\\\/\\\/leensquad.fr\\\/\",\"name\":\"Leensquad.fr\",\"description\":\"Un site utilisant WordPress\",\"publisher\":{\"@id\":\"https:\\\/\\\/leensquad.fr\\\/#organization\"},\"potentialAction\":[{\"@type\":\"SearchAction\",\"target\":{\"@type\":\"EntryPoint\",\"urlTemplate\":\"https:\\\/\\\/leensquad.fr\\\/?s={search_term_string}\"},\"query-input\":{\"@type\":\"PropertyValueSpecification\",\"valueRequired\":true,\"valueName\":\"search_term_string\"}}],\"inLanguage\":\"fr-FR\"},{\"@type\":\"Organization\",\"@id\":\"https:\\\/\\\/leensquad.fr\\\/#organization\",\"name\":\"Leensquad.fr\",\"url\":\"https:\\\/\\\/leensquad.fr\\\/\",\"logo\":{\"@type\":\"ImageObject\",\"inLanguage\":\"fr-FR\",\"@id\":\"https:\\\/\\\/leensquad.fr\\\/#\\\/schema\\\/logo\\\/image\\\/\",\"url\":\"https:\\\/\\\/leensquad.fr\\\/wp-content\\\/uploads\\\/2024\\\/07\\\/Logo-leensquad.png\",\"contentUrl\":\"https:\\\/\\\/leensquad.fr\\\/wp-content\\\/uploads\\\/2024\\\/07\\\/Logo-leensquad.png\",\"width\":543,\"height\":225,\"caption\":\"Leensquad.fr\"},\"image\":{\"@id\":\"https:\\\/\\\/leensquad.fr\\\/#\\\/schema\\\/logo\\\/image\\\/\"},\"sameAs\":[\"https:\\\/\\\/www.facebook.com\\\/profile.php?id=100046182776447\",\"https:\\\/\\\/www.instagram.com\\\/leensquadstudio_\\\/\"]}]}<\/script>\n<!-- \/ Yoast SEO plugin. -->","yoast_head_json":{"title":"Leensquad Studio - Studio Pole Dance","description":"D\u00e9couvrez nos professeurs pr\u00e9sents dans notre studio de danse \u00e0 Istres, dans les Bouches-du-Rh\u00f4ne, et profitez de leur excellence.","robots":{"index":"index","follow":"follow","max-snippet":"max-snippet:-1","max-image-preview":"max-image-preview:large","max-video-preview":"max-video-preview:-1"},"canonical":"https:\/\/leensquad.fr\/index.php\/professeurs\/","og_locale":"fr_FR","og_type":"article","og_title":"Leensquad Studio - Studio Pole Dance","og_description":"D\u00e9couvrez nos professeurs pr\u00e9sents dans notre studio de danse \u00e0 Istres, dans les Bouches-du-Rh\u00f4ne, et profitez de leur excellence.","og_url":"https:\/\/leensquad.fr\/index.php\/professeurs\/","og_site_name":"Leensquad.fr","article_publisher":"https:\/\/www.facebook.com\/profile.php?id=100046182776447","article_modified_time":"2024-09-11T08:39:32+00:00","og_image":[{"url":"http:\/\/leensquad.fr\/wp-content\/uploads\/2024\/09\/Pole-dance-Vanessa-.webp","type":"","width":"","height":""}],"twitter_card":"summary_large_image","twitter_misc":{"Dur\u00e9e de lecture estim\u00e9e":"7 minutes"},"schema":{"@context":"https:\/\/schema.org","@graph":[{"@type":"WebPage","@id":"https:\/\/leensquad.fr\/index.php\/professeurs\/","url":"https:\/\/leensquad.fr\/index.php\/professeurs\/","name":"Leensquad Studio - Studio Pole Dance","isPartOf":{"@id":"https:\/\/leensquad.fr\/#website"},"primaryImageOfPage":{"@id":"https:\/\/leensquad.fr\/index.php\/professeurs\/#primaryimage"},"image":{"@id":"https:\/\/leensquad.fr\/index.php\/professeurs\/#primaryimage"},"thumbnailUrl":"http:\/\/leensquad.fr\/wp-content\/uploads\/2024\/09\/Pole-dance-Vanessa-.webp","datePublished":"2024-07-18T21:38:48+00:00","dateModified":"2024-09-11T08:39:32+00:00","description":"D\u00e9couvrez nos professeurs pr\u00e9sents dans notre studio de danse \u00e0 Istres, dans les Bouches-du-Rh\u00f4ne, et profitez de leur excellence.","breadcrumb":{"@id":"https:\/\/leensquad.fr\/index.php\/professeurs\/#breadcrumb"},"inLanguage":"fr-FR","potentialAction":[{"@type":"ReadAction","target":["https:\/\/leensquad.fr\/index.php\/professeurs\/"]}]},{"@type":"ImageObject","inLanguage":"fr-FR","@id":"https:\/\/leensquad.fr\/index.php\/professeurs\/#primaryimage","url":"http:\/\/leensquad.fr\/wp-content\/uploads\/2024\/09\/Pole-dance-Vanessa-.webp","contentUrl":"http:\/\/leensquad.fr\/wp-content\/uploads\/2024\/09\/Pole-dance-Vanessa-.webp"},{"@type":"BreadcrumbList","@id":"https:\/\/leensquad.fr\/index.php\/professeurs\/#breadcrumb","itemListElement":[{"@type":"ListItem","position":1,"name":"Accueil","item":"https:\/\/leensquad.fr\/"},{"@type":"ListItem","position":2,"name":"Professeurs"}]},{"@type":"WebSite","@id":"https:\/\/leensquad.fr\/#website","url":"https:\/\/leensquad.fr\/","name":"Leensquad.fr","description":"Un site utilisant WordPress","publisher":{"@id":"https:\/\/leensquad.fr\/#organization"},"potentialAction":[{"@type":"SearchAction","target":{"@type":"EntryPoint","urlTemplate":"https:\/\/leensquad.fr\/?s={search_term_string}"},"query-input":{"@type":"PropertyValueSpecification","valueRequired":true,"valueName":"search_term_string"}}],"inLanguage":"fr-FR"},{"@type":"Organization","@id":"https:\/\/leensquad.fr\/#organization","name":"Leensquad.fr","url":"https:\/\/leensquad.fr\/","logo":{"@type":"ImageObject","inLanguage":"fr-FR","@id":"https:\/\/leensquad.fr\/#\/schema\/logo\/image\/","url":"https:\/\/leensquad.fr\/wp-content\/uploads\/2024\/07\/Logo-leensquad.png","contentUrl":"https:\/\/leensquad.fr\/wp-content\/uploads\/2024\/07\/Logo-leensquad.png","width":543,"height":225,"caption":"Leensquad.fr"},"image":{"@id":"https:\/\/leensquad.fr\/#\/schema\/logo\/image\/"},"sameAs":["https:\/\/www.facebook.com\/profile.php?id=100046182776447","https:\/\/www.instagram.com\/leensquadstudio_\/"]}]}},"jetpack_sharing_enabled":true,"_links":{"self":[{"href":"https:\/\/leensquad.fr\/index.php\/wp-json\/wp\/v2\/pages\/14","targetHints":{"allow":["GET"]}}],"collection":[{"href":"https:\/\/leensquad.fr\/index.php\/wp-json\/wp\/v2\/pages"}],"about":[{"href":"https:\/\/leensquad.fr\/index.php\/wp-json\/wp\/v2\/types\/page"}],"author":[{"embeddable":true,"href":"https:\/\/leensquad.fr\/index.php\/wp-json\/wp\/v2\/users\/1"}],"replies":[{"embeddable":true,"href":"https:\/\/leensquad.fr\/index.php\/wp-json\/wp\/v2\/comments?post=14"}],"version-history":[{"count":34,"href":"https:\/\/leensquad.fr\/index.php\/wp-json\/wp\/v2\/pages\/14\/revisions"}],"predecessor-version":[{"id":607,"href":"https:\/\/leensquad.fr\/index.php\/wp-json\/wp\/v2\/pages\/14\/revisions\/607"}],"wp:attachment":[{"href":"https:\/\/leensquad.fr\/index.php\/wp-json\/wp\/v2\/media?parent=14"}],"curies":[{"name":"wp","href":"https:\/\/api.w.org\/{rel}","templated":true}]}}